{"id":2370,"date":"2022-08-28T01:03:26","date_gmt":"2022-08-27T22:03:26","guid":{"rendered":"https:\/\/obaemlak.com\/?page_id=2370"},"modified":"2025-07-27T09:04:20","modified_gmt":"2025-07-27T06:04:20","slug":"home","status":"publish","type":"page","link":"https:\/\/obaemlak.com\/de\/home\/","title":{"rendered":"Home"},"content":{"rendered":"\r\n<div class=\"wp-block-query is-layout-flow wp-block-query-is-layout-flow\"><ul class=\"columns-3 wp-block-post-template is-layout-grid wp-container-core-post-template-is-layout-0fed8f92 wp-block-post-template-is-layout-grid\"><li class=\"wp-block-post post-2364 post type-post status-publish format-standard has-post-thumbnail hentry category-duyurular category-haberler tag-119 tag-115 tag-altyapi-haber tag-emlak-haber tag-120 tag-oba-haber tag-satilik-daire tag-122 tag-121\">\r\n\r\n\r\n<div class=\"wp-block-group\" style=\"padding: 30px;\"><div class=\"wp-block-group__inner-container is-layout-flow wp-block-group-is-layout-flow\"><h2 class=\"wp-block-post-title\"><a href=\"https:\/\/obaemlak.com\/de\/alanya-belediyesi-alt-yapi-calismalarini-surduruyor\/\" target=\"_self\" >Die Gemeinde Alanya setzt ihre Infrastrukturarbeiten fort<\/a><\/h2>\r\n\r\n<div class=\"wp-block-post-excerpt\"><p class=\"wp-block-post-excerpt__excerpt\">Die Teams der Gemeinde Alanya setzen die wichtige Arbeit fort, die sie im Rahmen der Infrastrukturarbeiten auf dem Weg nach Oba Mahallesi, Karakocal\u0131, begonnen haben. Mit der Mobilisierung der Infrastruktur auf der Karakocal\u0131-Stra\u00dfe, wo zuvor Stra\u00dfenverbreiterungen und St\u00fctzmauerarbeiten durchgef\u00fchrt wurden, soll das Regenwasserproblem in den Regionen Dim\u00e7ay\u0131, Oba und Karakocal\u0131 radikal gel\u00f6st werden. PR\u00c4SIDENT YUCEL:&hellip; <\/p><\/div>\r\n\r\n<div class=\"wp-block-post-date\"><time datetime=\"%2\"><\/time><\/div><\/div><\/div>\r\n<\/li><li class=\"wp-block-post post-3009 post type-post status-publish format-standard has-post-thumbnail hentry category-satin-alma-rehberi tag-alanya-da-satilik tag-118 tag-alanya-sale tag-alanya-tatil-evi tag-115 tag-sale-home-in-alanya tag-satilik-apartman tag-satilik-daire tag-117\">\r\n\r\n\r\n<div class=\"wp-block-group\" style=\"padding: 30px;\"><div class=\"wp-block-group__inner-container is-layout-flow wp-block-group-is-layout-flow\"><h2 class=\"wp-block-post-title\"><a href=\"https:\/\/obaemlak.com\/de\/wohnung-zum-verkauf-in-alanya\/\" target=\"_self\" >Wohnung zum Verkauf in Alanya<\/a><\/h2>\r\n\r\n<div class=\"wp-block-post-excerpt\"><p class=\"wp-block-post-excerpt__excerpt\">T\u00fcrkiye\u00a0Antalya\u00a0Immobilien zum Verkauf in Alanya Immobilien zum Verkauf in Alanya Immobilien Unsere Immobilienberater sind bereit, Ihnen dabei zu helfen, einen der Neubauten, Gebrauchtimmobilien, ungeplanten Entwicklungen, Luxusvillen und Apartments in Alanya zu verkaufen, die f\u00fcr jedes Budget geeignet sind. Oba Real Estate Family Unser Verkaufsteam ist spezialisiert auf Grundst\u00fccke, Wohnungen und Villen zum Verkauf in ganz&hellip; <\/p><\/div>\r\n\r\n<div class=\"wp-block-post-date\"><time datetime=\"%2\"><\/time><\/div><\/div><\/div>\r\n<\/li><li class=\"wp-block-post post-3016 post type-post status-publish format-standard has-post-thumbnail hentry category-satin-alma-rehberi tag-alanya-ev tag-ev-satinalma tag-satilik-ev tag-yatirim-firsati\">\r\n\r\n\r\n<div class=\"wp-block-group\" style=\"padding: 30px;\"><div class=\"wp-block-group__inner-container is-layout-flow wp-block-group-is-layout-flow\"><h2 class=\"wp-block-post-title\"><a href=\"https:\/\/obaemlak.com\/de\/ihre-grunde-ein-haus-in-alanya-zu-kaufen\/\" target=\"_self\" >Ihre Gr\u00fcnde, ein Haus in Alanya zu kaufen<\/a><\/h2>\r\n\r\n<div class=\"wp-block-post-excerpt\"><p class=\"wp-block-post-excerpt__excerpt\">Durch den Kauf von Immobilien in Alanya haben Sie eine sehr produktive Investition. Die von Ihnen gekauften Immobilien werden Ihnen zu sehr g\u00fcnstigen Preisen angeboten. Diese Immobilien sind sehr nah am Meer oder haben einen herrlichen Blick auf Alanya. seine Lage ist ganz in der N\u00e4he des Marktgebiets, der M\u00e4rkte, hochwertiger Restaurants, Bars, des Krankenhauses&hellip; <\/p><\/div>\r\n\r\n<div class=\"wp-block-post-date\"><time datetime=\"%2\"><\/time><\/div><\/div><\/div>\r\n<\/li><li class=\"wp-block-post post-3169 post type-post status-publish format-standard has-post-thumbnail hentry category-duyurular category-haberler tag-emlak-almak-icin-nedeniniz tag-neden-alanya tag-nicin-alanya tag-satin-alma-durumu\">\r\n\r\n\r\n<div class=\"wp-block-group\" style=\"padding: 30px;\"><div class=\"wp-block-group__inner-container is-layout-flow wp-block-group-is-layout-flow\"><h2 class=\"wp-block-post-title\"><a href=\"https:\/\/obaemlak.com\/de\/neden-alanya\/\" target=\"_self\" >Warum Alanya?<\/a><\/h2>\r\n\r\n<div class=\"wp-block-post-excerpt\"><p class=\"wp-block-post-excerpt__excerpt\">Alanya ist eine beliebte Touristenstadt an der S\u00fcdk\u00fcste der T\u00fcrkei. Menschen k\u00f6nnen viele Gr\u00fcnde finden, Alanya zu besuchen. Die wichtigsten k\u00f6nnen sein: Str\u00e4nde: Die sch\u00f6nen Str\u00e4nde von Alanya sind ideal f\u00fcr Meer- und Sonnenliebhaber. Historische Orte: Alanya ist ber\u00fchmt f\u00fcr seine historischen Burgen, Museen und antiken St\u00e4dte. Einer der bekanntesten Orte ist die Burg von&hellip; <\/p><\/div>\r\n\r\n<div class=\"wp-block-post-date\"><time datetime=\"%2\"><\/time><\/div><\/div><\/div>\r\n<\/li><li class=\"wp-block-post post-3226 post type-post status-publish format-standard has-post-thumbnail hentry category-duyurular tag-alanya-daire tag-alanya-ikamet tag-alanya-ikamet-izni tag-daire-satisi tag-ikamet tag-ikamet-izin-basvurulari tag-ikamet-izni tag-ikamet-izni-bilgisi tag-ikamete-kapali-bolgeler tag-ikamete-uygun-daire-satin-al tag-ikamete-uygun-daireler tag-ikamete-uygun-mulkler tag-uygun-daire\">\r\n\r\n\r\n<div class=\"wp-block-group\" style=\"padding: 30px;\"><div class=\"wp-block-group__inner-container is-layout-flow wp-block-group-is-layout-flow\"><h2 class=\"wp-block-post-title\"><a href=\"https:\/\/obaemlak.com\/de\/alanya-ikamet-izni-ve-ikamete-uygun-daire-alim-satimi\/\" target=\"_self\" >Kauf und Verkauf von Wohnungen, die f\u00fcr die Aufenthaltserlaubnis und den Aufenthalt in Alanya geeignet sind<\/a><\/h2>\r\n\r\n<div class=\"wp-block-post-excerpt\"><p class=\"wp-block-post-excerpt__excerpt\">Wohngebiete sind Orte, an denen Ausl\u00e4nder Touristen sein oder sich im Land aufhalten k\u00f6nnen. Wenn Ausl\u00e4nder in die T\u00fcrkei reisen oder sich dort aufhalten, m\u00fcssen sie daher bei der Generaldirektion f\u00fcr Migrationsmanagement einen Antrag stellen und die erforderlichen Genehmigungen einholen. Diese Genehmigungen werden von der Generaldirektion f\u00fcr Migrationsmanagement ausgestellt und der Wohnort muss bestimmt werden.&hellip; <\/p><\/div>\r\n\r\n<div class=\"wp-block-post-date\"><time datetime=\"%2\"><\/time><\/div><\/div><\/div>\r\n<\/li><li class=\"wp-block-post post-3294 post type-post status-publish format-standard has-post-thumbnail hentry category-duyurular tag-alanya-daire tag-alanya-plaj tag-plaj-alanya tag-plaj-bolgesinde tag-plaja-yakin tag-playa-yurume-mesafesinde tag-satilik-daire tag-yurume-mesafesi\">\r\n\r\n\r\n<div class=\"wp-block-group\" style=\"padding: 30px;\"><div class=\"wp-block-group__inner-container is-layout-flow wp-block-group-is-layout-flow\"><h2 class=\"wp-block-post-title\"><a href=\"https:\/\/obaemlak.com\/de\/alanya-da-plaja-yurume-mesafesinde-satilik-daireler\/\" target=\"_self\" >Wohnungen zum Verkauf in Alanya zu Fu\u00df zum Strand<\/a><\/h2>\r\n\r\n<div class=\"wp-block-post-excerpt\"><p class=\"wp-block-post-excerpt__excerpt\">Alanya ist ein Ferienort und Touristenziel an der S\u00fcdk\u00fcste der T\u00fcrkei. Der Ausdruck \u201eWohnungen zum Verkauf nur wenige Gehminuten vom Strand entfernt\u201c wird von Immobilienmaklern in dieser Region im Allgemeinen f\u00fcr 2+1-, 3+1-, 1+1-Wohnungen oder Wohnungen in sehr nah am Meer gelegenen Gebieten verwendet und bedeutet, dass die Wohnungen zum Verkauf befinden sich in der&hellip; <\/p><\/div>\r\n\r\n<div class=\"wp-block-post-date\"><time datetime=\"%2\"><\/time><\/div><\/div><\/div>\r\n<\/li><\/ul><\/div>\r\n\r\n\r\n<p class=\"wp-block-tag-cloud\"><a href=\"https:\/\/obaemlak.com\/de\/tag\/alanya-daire\/\" class=\"tag-cloud-link tag-link-172 tag-link-position-1\" style=\"font-size: 16.4pt;\" aria-label=\"Alanya daire (2\u00a0Eintr\u00e4ge)\">Alanya daire<\/a>\n<a href=\"https:\/\/obaemlak.com\/de\/tag\/alanya-ev\/\" class=\"tag-cloud-link tag-link-236 tag-link-position-2\" style=\"font-size: 8pt;\" aria-label=\"Alanya ev (1\u00a0Eintrag)\">Alanya ev<\/a>\n<a href=\"https:\/\/obaemlak.com\/de\/tag\/alanya-tatil-evi\/\" class=\"tag-cloud-link tag-link-87 tag-link-position-3\" style=\"font-size: 8pt;\" aria-label=\"Alanya Ferienhaus (1\u00a0Eintrag)\">Alanya Ferienhaus<\/a>\n<a href=\"https:\/\/obaemlak.com\/de\/tag\/alanya-plaj\/\" class=\"tag-cloud-link tag-link-126 tag-link-position-4\" style=\"font-size: 8pt;\" aria-label=\"Alanya Strand (1\u00a0Eintrag)\">Alanya Strand<\/a>\n<a href=\"https:\/\/obaemlak.com\/de\/tag\/antalya-gebaude-zu-verkaufen\/\" class=\"tag-cloud-link tag-link-346 tag-link-position-5\" style=\"font-size: 8pt;\" aria-label=\"Antalya Geb\u00e4ude zu verkaufen (1\u00a0Eintrag)\">Antalya Geb\u00e4ude zu verkaufen<\/a>\n<a href=\"https:\/\/obaemlak.com\/de\/tag\/bahce-cephe-ofis\/\" class=\"tag-cloud-link tag-link-257 tag-link-position-6\" style=\"font-size: 8pt;\" aria-label=\"bah\u00e7e cephe ofis (1\u00a0Eintrag)\">bah\u00e7e cephe ofis<\/a>\n<a href=\"https:\/\/obaemlak.com\/de\/tag\/daire-satisi\/\" class=\"tag-cloud-link tag-link-231 tag-link-position-7\" style=\"font-size: 8pt;\" aria-label=\"Daire sat\u0131\u015f\u0131 (1\u00a0Eintrag)\">Daire sat\u0131\u015f\u0131<\/a>\n<a href=\"https:\/\/obaemlak.com\/de\/tag\/detached-houses-for-sale\/\" class=\"tag-cloud-link tag-link-134 tag-link-position-8\" style=\"font-size: 8pt;\" aria-label=\"Detached Houses for Sale (1\u00a0Eintrag)\">Detached Houses for Sale<\/a>\n<a href=\"https:\/\/obaemlak.com\/de\/tag\/emlak-kiralik\/\" class=\"tag-cloud-link tag-link-251 tag-link-position-9\" style=\"font-size: 8pt;\" aria-label=\"Emlak kiral\u0131k (1\u00a0Eintrag)\">Emlak kiral\u0131k<\/a>\n<a href=\"https:\/\/obaemlak.com\/de\/tag\/ev-satinalma\/\" class=\"tag-cloud-link tag-link-237 tag-link-position-10\" style=\"font-size: 8pt;\" aria-label=\"Ev sat\u0131nalma (1\u00a0Eintrag)\">Ev sat\u0131nalma<\/a>\n<a href=\"https:\/\/obaemlak.com\/de\/tag\/freistehende-hauser-zum-verkauf\/\" class=\"tag-cloud-link tag-link-136 tag-link-position-11\" style=\"font-size: 8pt;\" aria-label=\"Freistehende H\u00e4user zum Verkauf (1\u00a0Eintrag)\">Freistehende H\u00e4user zum Verkauf<\/a>\n<a href=\"https:\/\/obaemlak.com\/de\/tag\/emlak-almak-icin-nedeniniz\/\" class=\"tag-cloud-link tag-link-91 tag-link-position-12\" style=\"font-size: 8pt;\" aria-label=\"Ihr Grund, Immobilien zu kaufen (1\u00a0Eintrag)\">Ihr Grund, Immobilien zu kaufen<\/a>\n<a href=\"https:\/\/obaemlak.com\/de\/tag\/satin-alma-durumu\/\" class=\"tag-cloud-link tag-link-92 tag-link-position-13\" style=\"font-size: 8pt;\" aria-label=\"Kaufstatus (1\u00a0Eintrag)\">Kaufstatus<\/a>\n<a href=\"https:\/\/obaemlak.com\/de\/tag\/gombe-gebaude-zu-verkaufen-5\/\" class=\"tag-cloud-link tag-link-347 tag-link-position-14\" style=\"font-size: 8pt;\" aria-label=\"ka\u015f sat\u0131l\u0131k (1\u00a0Eintrag)\">ka\u015f sat\u0131l\u0131k<\/a>\n<a href=\"https:\/\/obaemlak.com\/de\/tag\/kiralik-depo\/\" class=\"tag-cloud-link tag-link-254 tag-link-position-15\" style=\"font-size: 8pt;\" aria-label=\"Kiral\u0131k depo (1\u00a0Eintrag)\">Kiral\u0131k depo<\/a>\n<a href=\"https:\/\/obaemlak.com\/de\/tag\/kiralik-emlak\/\" class=\"tag-cloud-link tag-link-250 tag-link-position-16\" style=\"font-size: 8pt;\" aria-label=\"kiral\u0131k emlak (1\u00a0Eintrag)\">kiral\u0131k emlak<\/a>\n<a href=\"https:\/\/obaemlak.com\/de\/tag\/kiralik-ofis\/\" class=\"tag-cloud-link tag-link-255 tag-link-position-17\" style=\"font-size: 8pt;\" aria-label=\"kiral\u0131k ofis (1\u00a0Eintrag)\">kiral\u0131k ofis<\/a>\n<a href=\"https:\/\/obaemlak.com\/de\/tag\/mevki-konum-ofis\/\" class=\"tag-cloud-link tag-link-258 tag-link-position-18\" style=\"font-size: 8pt;\" aria-label=\"mevki konum ofis (1\u00a0Eintrag)\">mevki konum ofis<\/a>\n<a href=\"https:\/\/obaemlak.com\/de\/tag\/news-noter\/\" class=\"tag-cloud-link tag-link-130 tag-link-position-19\" style=\"font-size: 8pt;\" aria-label=\"News Noter (1\u00a0Eintrag)\">News Noter<\/a>\n<a href=\"https:\/\/obaemlak.com\/de\/tag\/ikamete-kapali-bolgeler\/\" class=\"tag-cloud-link tag-link-107 tag-link-position-20\" style=\"font-size: 8pt;\" aria-label=\"Nichtwohnzonen (1\u00a0Eintrag)\">Nichtwohnzonen<\/a>\n<a href=\"https:\/\/obaemlak.com\/de\/tag\/noter\/\" class=\"tag-cloud-link tag-link-129 tag-link-position-21\" style=\"font-size: 8pt;\" aria-label=\"Noter (1\u00a0Eintrag)\">Noter<\/a>\n<a href=\"https:\/\/obaemlak.com\/de\/tag\/noterde-emlak-alim-satim\/\" class=\"tag-cloud-link tag-link-132 tag-link-position-22\" style=\"font-size: 8pt;\" aria-label=\"Noterde Emlak Al\u0131m Sat\u0131m (1\u00a0Eintrag)\">Noterde Emlak Al\u0131m Sat\u0131m<\/a>\n<a href=\"https:\/\/obaemlak.com\/de\/tag\/noterde-gayrimenkul-alim-satim\/\" class=\"tag-cloud-link tag-link-131 tag-link-position-23\" style=\"font-size: 8pt;\" aria-label=\"Noterde Gayr\u0131menkul al\u0131m sat\u0131m (1\u00a0Eintrag)\">Noterde Gayr\u0131menkul al\u0131m sat\u0131m<\/a>\n<a href=\"https:\/\/obaemlak.com\/de\/tag\/oba-kiralik\/\" class=\"tag-cloud-link tag-link-253 tag-link-position-24\" style=\"font-size: 8pt;\" aria-label=\"Oba kiral\u0131k (1\u00a0Eintrag)\">Oba kiral\u0131k<\/a>\n<a href=\"https:\/\/obaemlak.com\/de\/tag\/ofis-kiralik\/\" class=\"tag-cloud-link tag-link-256 tag-link-position-25\" style=\"font-size: 8pt;\" aria-label=\"ofis kiral\u0131k (1\u00a0Eintrag)\">ofis kiral\u0131k<\/a>\n<a href=\"https:\/\/obaemlak.com\/de\/tag\/ikamet\/\" class=\"tag-cloud-link tag-link-105 tag-link-position-26\" style=\"font-size: 8pt;\" aria-label=\"Residenz (1\u00a0Eintrag)\">Residenz<\/a>\n<a href=\"https:\/\/obaemlak.com\/de\/tag\/gombe-gebaude-zu-verkaufen-2\/\" class=\"tag-cloud-link tag-link-344 tag-link-position-27\" style=\"font-size: 8pt;\" aria-label=\"sat\u0131l\u0131k bina (1\u00a0Eintrag)\">sat\u0131l\u0131k bina<\/a>\n<a href=\"https:\/\/obaemlak.com\/de\/tag\/satilik-ev\/\" class=\"tag-cloud-link tag-link-239 tag-link-position-28\" style=\"font-size: 8pt;\" aria-label=\"Sat\u0131l\u0131k ev (1\u00a0Eintrag)\">Sat\u0131l\u0131k ev<\/a>\n<a href=\"https:\/\/obaemlak.com\/de\/tag\/gombe-gebaude-zu-verkaufen\/\" class=\"tag-cloud-link tag-link-343 tag-link-position-29\" style=\"font-size: 8pt;\" aria-label=\"sat\u0131l\u0131k m\u00fcstakil ev (1\u00a0Eintrag)\">sat\u0131l\u0131k m\u00fcstakil ev<\/a>\n<a href=\"https:\/\/obaemlak.com\/de\/tag\/satilik-mustakil-evler\/\" class=\"tag-cloud-link tag-link-133 tag-link-position-30\" style=\"font-size: 8pt;\" aria-label=\"Sat\u0131l\u0131k M\u00fcstakil Evler (1\u00a0Eintrag)\">Sat\u0131l\u0131k M\u00fcstakil Evler<\/a>\n<a href=\"https:\/\/obaemlak.com\/de\/tag\/gombe-gebaude-zu-verkaufen-3\/\" class=\"tag-cloud-link tag-link-345 tag-link-position-31\" style=\"font-size: 8pt;\" aria-label=\"sat\u0131l\u0131k yayla evi (1\u00a0Eintrag)\">sat\u0131l\u0131k yayla evi<\/a>\n<a href=\"https:\/\/obaemlak.com\/de\/tag\/plaj-alanya\/\" class=\"tag-cloud-link tag-link-127 tag-link-position-32\" style=\"font-size: 8pt;\" aria-label=\"Strand Alanya (1\u00a0Eintrag)\">Strand Alanya<\/a>\n<a href=\"https:\/\/obaemlak.com\/de\/tag\/uygun-daire\/\" class=\"tag-cloud-link tag-link-230 tag-link-position-33\" style=\"font-size: 8pt;\" aria-label=\"Uygun daire (1\u00a0Eintrag)\">Uygun daire<\/a>\n<a href=\"https:\/\/obaemlak.com\/de\/tag\/vrijstaande-huizen-te-koop\/\" class=\"tag-cloud-link tag-link-137 tag-link-position-34\" style=\"font-size: 8pt;\" aria-label=\"Vrijstaande Huizen te Koop (1\u00a0Eintrag)\">Vrijstaande Huizen te Koop<\/a>\n<a href=\"https:\/\/obaemlak.com\/de\/tag\/nicin-alanya\/\" class=\"tag-cloud-link tag-link-89 tag-link-position-35\" style=\"font-size: 8pt;\" aria-label=\"warum alanya (1\u00a0Eintrag)\">warum alanya<\/a>\n<a href=\"https:\/\/obaemlak.com\/de\/tag\/neden-alanya\/\" class=\"tag-cloud-link tag-link-88 tag-link-position-36\" style=\"font-size: 8pt;\" aria-label=\"warum alanya (1\u00a0Eintrag)\">warum alanya<\/a>\n<a href=\"https:\/\/obaemlak.com\/de\/tag\/alanya-ikamet\/\" class=\"tag-cloud-link tag-link-106 tag-link-position-37\" style=\"font-size: 8pt;\" aria-label=\"Wohnsitz in Alanya (1\u00a0Eintrag)\">Wohnsitz in Alanya<\/a>\n<a href=\"https:\/\/obaemlak.com\/de\/tag\/satilik-daire\/\" class=\"tag-cloud-link tag-link-85 tag-link-position-38\" style=\"font-size: 22pt;\" aria-label=\"Wohnung zum Verkauf (3\u00a0Eintr\u00e4ge)\">Wohnung zum Verkauf<\/a>\n<a href=\"https:\/\/obaemlak.com\/de\/tag\/%d0%ba%d0%b2%d0%b0%d1%80%d1%82%d0%b8%d1%80%d0%b0-%d0%bd%d0%b0-%d0%bf%d1%80%d0%be%d0%b4%d0%b0%d0%b6%d1%83-%d0%b2-%d0%b0%d0%bb%d0%b0%d0%bd%d0%b8%d0%b8\/\" class=\"tag-cloud-link tag-link-115 tag-link-position-39\" style=\"font-size: 16.4pt;\" aria-label=\"Wohnung zum Verkauf in Alanya (2\u00a0Eintr\u00e4ge)\">Wohnung zum Verkauf in Alanya<\/a>\n<a href=\"https:\/\/obaemlak.com\/de\/tag\/yatirim-firsati\/\" class=\"tag-cloud-link tag-link-238 tag-link-position-40\" style=\"font-size: 8pt;\" aria-label=\"Yat\u0131r\u0131m f\u0131rsat\u0131 (1\u00a0Eintrag)\">Yat\u0131r\u0131m f\u0131rsat\u0131<\/a>\n<a href=\"https:\/\/obaemlak.com\/de\/tag\/yurume-mesafesi\/\" class=\"tag-cloud-link tag-link-229 tag-link-position-41\" style=\"font-size: 8pt;\" aria-label=\"Y\u00fcr\u00fcme mesafesi (1\u00a0Eintrag)\">Y\u00fcr\u00fcme mesafesi<\/a>\n<a href=\"https:\/\/obaemlak.com\/de\/tag\/kiralik\/\" class=\"tag-cloud-link tag-link-249 tag-link-position-42\" style=\"font-size: 8pt;\" aria-label=\"zur Miete (1\u00a0Eintrag)\">zur Miete<\/a>\n<a href=\"https:\/\/obaemlak.com\/de\/tag\/alanya-kiralik\/\" class=\"tag-cloud-link tag-link-252 tag-link-position-43\" style=\"font-size: 8pt;\" aria-label=\"Zur Miete in Alanya (1\u00a0Eintrag)\">Zur Miete in Alanya<\/a>\n<a href=\"https:\/\/obaemlak.com\/de\/tag\/alanya-da-satilik\/\" class=\"tag-cloud-link tag-link-86 tag-link-position-44\" style=\"font-size: 8pt;\" aria-label=\"zu verkaufen in alanya (1\u00a0Eintrag)\">zu verkaufen in alanya<\/a>\n<a href=\"https:\/\/obaemlak.com\/de\/tag\/%d0%bf%d1%80%d0%be%d0%b4%d0%b0%d1%8e%d1%82%d1%81%d1%8f-%d0%be%d1%82%d0%b4%d0%b5%d0%bb%d1%8c%d0%bd%d0%be-%d1%81%d1%82%d0%be%d1%8f%d1%89%d0%b8%d0%b5-%d0%b4%d0%be%d0%bc%d0%b0-%d0%b2-%d0%b0%d0%bb%d0%b0\/\" class=\"tag-cloud-link tag-link-135 tag-link-position-45\" style=\"font-size: 8pt;\" aria-label=\"\u041f\u0440\u043e\u0434\u0430\u044e\u0442\u0441\u044f \u043e\u0442\u0434\u0435\u043b\u044c\u043d\u043e \u0441\u0442\u043e\u044f\u0449\u0438\u0435 \u0434\u043e\u043c\u0430 \u0432 \u0410\u043b\u0430\u043d\u044c\u0435 (1\u00a0Eintrag)\">\u041f\u0440\u043e\u0434\u0430\u044e\u0442\u0441\u044f \u043e\u0442\u0434\u0435\u043b\u044c\u043d\u043e \u0441\u0442\u043e\u044f\u0449\u0438\u0435 \u0434\u043e\u043c\u0430 \u0432 \u0410\u043b\u0430\u043d\u044c\u0435<\/a><\/p>\r\n\r\n\r\n<div class=\"wp-block-query is-layout-flow wp-block-query-is-layout-flow\">\u00a0<\/div>\r\n\r\n\r\n\r\n<p class=\"wp-block-paragraph\">&nbsp;<\/p>\r\n","protected":false},"excerpt":{"rendered":"<p>&nbsp;<\/p>\n","protected":false},"author":1,"featured_media":0,"parent":0,"menu_order":0,"comment_status":"open","ping_status":"closed","template":"fullwidth.php","meta":{"footnotes":""},"class_list":["post-2370","page","type-page","status-publish","hentry"],"_links":{"self":[{"href":"https:\/\/obaemlak.com\/de\/wp-json\/wp\/v2\/pages\/2370","targetHints":{"allow":["GET"]}}],"collection":[{"href":"https:\/\/obaemlak.com\/de\/wp-json\/wp\/v2\/pages"}],"about":[{"href":"https:\/\/obaemlak.com\/de\/wp-json\/wp\/v2\/types\/page"}],"author":[{"embeddable":true,"href":"https:\/\/obaemlak.com\/de\/wp-json\/wp\/v2\/users\/1"}],"replies":[{"embeddable":true,"href":"https:\/\/obaemlak.com\/de\/wp-json\/wp\/v2\/comments?post=2370"}],"version-history":[{"count":0,"href":"https:\/\/obaemlak.com\/de\/wp-json\/wp\/v2\/pages\/2370\/revisions"}],"wp:attachment":[{"href":"https:\/\/obaemlak.com\/de\/wp-json\/wp\/v2\/media?parent=2370"}],"curies":[{"name":"wp","href":"https:\/\/api.w.org\/{rel}","templated":true}]}}